{"id":160,"date":"2016-08-22T17:06:06","date_gmt":"2016-08-22T14:06:06","guid":{"rendered":"http:\/\/localhost:7888\/?page_id=160"},"modified":"2026-02-12T09:40:46","modified_gmt":"2026-02-12T07:40:46","slug":"kokoomuksen-edustajat-lautakunnissa","status":"publish","type":"page","link":"https:\/\/www.tuusulankokoomus.fi\/?page_id=160","title":{"rendered":"Kokoomuksen edustajat lautakunnissa"},"content":{"rendered":"\n<p>Lautakuntien j\u00e4senet.<\/p>\n\n\n\n<div class=\"wp-block-group has-light-blue-background-color has-background\"><div class=\"wp-block-group__inner-container is-layout-flow wp-block-group-is-layout-flow\">\n<figure class=\"wp-block-table\"><table><tbody><tr><td><\/td><td><strong>Varsinainen<\/strong><\/td><td><strong>Vara<\/strong><\/td><\/tr><tr><td><strong>Pormestari<\/strong><\/td><td><strong>Janne Mellin<\/strong><\/td><td><\/td><\/tr><tr><td><strong>Kunnanvaltuuston 1. varapuheenjohtaja<\/strong><\/td><td><strong>Kalle Ikkel\u00e4<\/strong><\/td><td><\/td><\/tr><tr><td><strong>Valtuustoryhm\u00e4n puheenjohtaja<\/strong><\/td><td><strong>Ilmari Sj\u00f6blom<\/strong><\/td><td><\/td><\/tr><tr><td><strong>Kunnanhallitus<\/strong><\/td><td><strong>Janne Mellin (pj.)<\/strong><\/td><td>Marko Hasari<\/td><\/tr><tr><td><\/td><td><strong>Reetta Peltonen<\/strong><\/td><td>Kirsi Korpaeus<\/td><\/tr><tr><td><\/td><td><strong>Mika M\u00e4ki-Kuhna<\/strong><\/td><td>Heikki Lindholm<\/td><\/tr><tr><td><\/td><td><strong>Laura \u00c5vall<\/strong><\/td><td>Heikki H\u00e4yh\u00e4<\/td><\/tr><tr><td><strong>Konsernijaosto<\/strong><\/td><td><strong>Kalle Ikkel\u00e4 (pj.)<\/strong><\/td><td>Riita Sedig<\/td><\/tr><tr><td><\/td><td><strong>Ulla Rosenqvist<\/strong><\/td><td>Laura \u00c5vall<\/td><\/tr><tr><td><strong>Tarkastuslautakunta<\/strong><\/td><td><strong>Eemi Vaherlehto<\/strong><\/td><td>Toni Liljevall<\/td><\/tr><tr><td><\/td><td><strong>Katja Lilas<\/strong><\/td><td>Nina Avarre<\/td><\/tr><tr><td><strong>Kasvatus- ja sivistyslautakunta<\/strong><\/td><td><strong>Karina Hakkarainen<\/strong><\/td><td>Piia Lakkap\u00e4\u00e4-Hemmi<\/td><\/tr><tr><td><\/td><td><strong>Topi Korpinen<\/strong><\/td><td>Pekka Ruotsalainen<\/td><\/tr><tr><td><\/td><td><strong>Ilari Hyv\u00e4rinen<\/strong><\/td><td>Daniel Levander<\/td><\/tr><tr><td><\/td><td><strong>Sanna Lehtonen<\/strong><\/td><td>Cecilia Veikkolainen<\/td><\/tr><tr><td><strong>Kulttuuri- ja vapaa-aikalautakunta<\/strong><\/td><td><strong>Santeri Ahlgren (vpj.)<\/strong><\/td><td>Ville Raevuori<\/td><\/tr><tr><td><\/td><td><strong>Elina Laine<\/strong><\/td><td>Petra Mikkonen<\/td><\/tr><tr><td><\/td><td><strong>Kati Jaakonen<\/strong><\/td><td>Juha Pitk\u00e4<\/td><\/tr><tr><td><strong>Kuntakehityslautakunta<\/strong><\/td><td><strong>Sakari M\u00e4kinen (vpj.)<\/strong><\/td><td>Tero Immonen<\/td><\/tr><tr><td><\/td><td><strong>Juha Koivu<\/strong><\/td><td>Juha Teljo<\/td><\/tr><tr><td><\/td><td><strong>Lilli Salmi<\/strong><\/td><td>Leena Saukko<\/td><\/tr><tr><td><\/td><td><strong>Sanna Kervinen<\/strong><\/td><td>Ulla Rosenqvis<\/td><\/tr><tr><td><strong>Rakennusvalvontajaosto<\/strong><\/td><td><strong>Ulla Rosenqvist (pj.)<\/strong><\/td><td>Sanna Kervinen<\/td><\/tr><tr><td><strong>Tekninen lautakunta<\/strong><\/td><td><strong>Ilari Roihuvuo (vpj.)<\/strong><\/td><td>Toni Heikkinen<\/td><\/tr><tr><td><\/td><td><strong>Kalevi Hyytinen<\/strong><\/td><td>Riitta Sedig<\/td><\/tr><tr><td><\/td><td><strong>Cecilia Veikkolainen<\/strong><\/td><td>Antti Ellonen<\/td><\/tr><tr><td><strong>Hyvinvoinnin ja terveyden edist\u00e4misen lautakunta<\/strong><\/td><td><strong>Satu Rathgeber<\/strong><\/td><td>Pekka Ruotsalainen<\/td><\/tr><tr><td><\/td><td><strong>Lauri Untamo<\/strong><\/td><td>Tarja Hartman<\/td><\/tr><tr><td><strong>Keskusvaalilautakunta<\/strong><\/td><td><strong>Mika M\u00e4ki-Kuhna (vpj.)<\/strong><\/td><td><\/td><\/tr><tr><td><strong>Kiinteist\u00f6toimitusten uskotut miehet<\/strong><\/td><td><strong>Mika Heino<\/strong><\/td><td><\/td><\/tr><tr><td><\/td><td><strong>Riitta Sedig<\/strong><\/td><td><\/td><\/tr><tr><td><\/td><td><strong>Seppo H\u00e4m\u00e4l\u00e4inen<\/strong><\/td><td><\/td><\/tr><tr><td><strong>Tuusulan vesihuoltoliikelaitoksen johtokunta<\/strong><\/td><td><strong>Kaj Malmlund<\/strong><\/td><td>Timo Sivonen<\/td><\/tr><tr><td><strong>HUS Yhtym\u00e4 hallitus<\/strong><\/td><td><strong>Kalle Ikkel\u00e4 (varaj\u00e4sen)<\/strong><\/td><td><\/td><\/tr><tr><td><strong>KUUMA-seutu liikelaitoksen johtokunta<\/strong><\/td><td><strong>Janne Mellin<\/strong><\/td><td>Jari Anttalainen<\/td><\/tr><tr><td><strong>Keski-Uudenmaan ymp\u00e4rist\u00f6lautakunta<\/strong><\/td><td><strong>Pasi Huuhtanen<\/strong><\/td><td>Mika Heino<\/td><\/tr><tr><td><strong>Keskisen Uudenmaan musiikkiopiston johtokunta<\/strong><\/td><td><strong>Keimo Joensuu<\/strong><\/td><td>Heta Kyytinen<\/td><\/tr><tr><td><strong>Keski-Uudenmaan koulutuskuntayhtym\u00e4n (KEUDA) yhtym\u00e4valtuusto<\/strong><\/td><td><strong>Heikki H\u00e4yh\u00e4<\/strong><\/td><td>Lehtonen Sanna<\/td><\/tr><tr><td><strong>Keski-Uudenmaan Vesi -kuntayhtym\u00e4n yhtym\u00e4valtuusto<\/strong><\/td><td><strong>Riitta Sedig (vpj.)<\/strong><\/td><td>Toni Heikkinen<\/td><\/tr><tr><td><strong>Hyvinvointialueen valtuutetut<\/strong><\/td><td><strong>Kalle Ikkel\u00e4 (vpj.)<\/strong><\/td><td><\/td><\/tr><tr><td><\/td><td><strong>Sanna Kervinen<\/strong><\/td><td><\/td><\/tr><tr><td><\/td><td><strong>Lauri Untamo<\/strong><\/td><td><\/td><\/tr><tr><td><\/td><td><strong>Laura \u00c5vall<\/strong><\/td><td><\/td><\/tr><\/tbody><\/table><\/figure>\n<\/div><\/div>\n\n\n\n<p><\/p>\n","protected":false},"excerpt":{"rendered":"<p>Lautakuntien j\u00e4senet. Varsinainen Vara Pormestari Janne Mellin Kunnanvaltuuston 1. varapuheenjohtaja Kalle Ikkel\u00e4 Valtuustoryhm\u00e4n puheenjohtaja Ilmari Sj\u00f6blom Kunnanhallitus Janne Mellin (pj.) Marko Hasari Reetta Peltonen Kirsi Korpaeus Mika M\u00e4ki-Kuhna Heikki Lindholm Laura \u00c5vall Heikki H\u00e4yh\u00e4 Konsernijaosto Kalle Ikkel\u00e4 (pj.) Riita Sedig&#8230; <\/p>\n<div class=\"more-link-container\"><a class=\"more-link\" href=\"https:\/\/www.tuusulankokoomus.fi\/?page_id=160\">Lue lis\u00e4\u00e4<\/a><\/div>\n","protected":false},"author":1,"featured_media":0,"parent":19,"menu_order":0,"comment_status":"closed","ping_status":"closed","template":"templates\/full-width-page.php","meta":{"om_disable_all_campaigns":false,"_monsterinsights_skip_tracking":false,"_monsterinsights_sitenote_active":false,"_monsterinsights_sitenote_note":"","_monsterinsights_sitenote_category":0,"_uf_show_specific_survey":0,"_uf_disable_surveys":false,"footnotes":""},"class_list":["post-160","page","type-page","status-publish","hentry"],"aioseo_notices":[],"_links":{"self":[{"href":"https:\/\/www.tuusulankokoomus.fi\/index.php?rest_route=\/wp\/v2\/pages\/160","targetHints":{"allow":["GET"]}}],"collection":[{"href":"https:\/\/www.tuusulankokoomus.fi\/index.php?rest_route=\/wp\/v2\/pages"}],"about":[{"href":"https:\/\/www.tuusulankokoomus.fi\/index.php?rest_route=\/wp\/v2\/types\/page"}],"author":[{"embeddable":true,"href":"https:\/\/www.tuusulankokoomus.fi\/index.php?rest_route=\/wp\/v2\/users\/1"}],"replies":[{"embeddable":true,"href":"https:\/\/www.tuusulankokoomus.fi\/index.php?rest_route=%2Fwp%2Fv2%2Fcomments&post=160"}],"version-history":[{"count":12,"href":"https:\/\/www.tuusulankokoomus.fi\/index.php?rest_route=\/wp\/v2\/pages\/160\/revisions"}],"predecessor-version":[{"id":2694,"href":"https:\/\/www.tuusulankokoomus.fi\/index.php?rest_route=\/wp\/v2\/pages\/160\/revisions\/2694"}],"up":[{"embeddable":true,"href":"https:\/\/www.tuusulankokoomus.fi\/index.php?rest_route=\/wp\/v2\/pages\/19"}],"wp:attachment":[{"href":"https:\/\/www.tuusulankokoomus.fi\/index.php?rest_route=%2Fwp%2Fv2%2Fmedia&parent=160"}],"curies":[{"name":"wp","href":"https:\/\/api.w.org\/{rel}","templated":true}]}}