{"id":154,"date":"2016-08-22T17:01:07","date_gmt":"2016-08-22T14:01:07","guid":{"rendered":"http:\/\/localhost:7888\/?page_id=154"},"modified":"2026-02-12T10:15:41","modified_gmt":"2026-02-12T08:15:41","slug":"tuusulan-kokoomuksen-kunnanvaltuutetut-vuosina-2013-2016","status":"publish","type":"page","link":"https:\/\/www.tuusulankokoomus.fi\/?page_id=154","title":{"rendered":"Tuusulan Kokoomuksen kunnanvaltuutetut vuosina 2025-2029"},"content":{"rendered":"<h4><strong>Kokoomuksen valtuustoryhm\u00e4\u00a0<\/strong><\/h4>\n<p><strong>Puheenjohtaja<\/strong><br \/>\nIlmari Sj\u00f6blom<\/p>\n<p><strong>Sihteeri<\/strong><br \/>\nEemi Vaherlehto<\/p>\n<p><strong>Neuvottelijat<\/strong><br \/>\nLauri Untamo<\/p>\n<p><strong>Kokoomuksen valtuustoryhm\u00e4\u00e4n kuuluu kaikki 14 valtuutettua sek\u00e4 nelj\u00e4 ensimm\u00e4ist\u00e4 varavaltuutettua.<\/strong><\/p>\n<p>Valtuustoryhm\u00e4n j\u00e4senet ovat valtuutetut Sanna Kervinen, Eemi Vaherlehto, Kalle Ikkel\u00e4, Karina Hakkarainen, Janne Mellin, Ilmari Sj\u00f6blom, Mika M\u00e4ki-Kuhna, Lauri Untamo, Laura \u00c5vall, Lilli Salmi, Reetta Peltonen, Antti Elonen, Ulla Rosenqvist, Jukka Ahlgren sek\u00e4 varavaltuutetut Elina Laine, Satu Rathgeber, Katja Lilas sek\u00e4 Juha Koivu.<\/p>\n<p><img loading=\"lazy\" decoding=\"async\" class=\"alignnone size-medium wp-image-2132\" src=\"https:\/\/www.tuusulankokoomus.fi\/wp-content\/uploads\/2021\/12\/ALUEVAALIT_ELEMENTTI_1-300x115.png\" alt=\"\" width=\"300\" height=\"115\" srcset=\"https:\/\/www.tuusulankokoomus.fi\/wp-content\/uploads\/2021\/12\/ALUEVAALIT_ELEMENTTI_1-300x115.png 300w, https:\/\/www.tuusulankokoomus.fi\/wp-content\/uploads\/2021\/12\/ALUEVAALIT_ELEMENTTI_1-768x295.png 768w, https:\/\/www.tuusulankokoomus.fi\/wp-content\/uploads\/2021\/12\/ALUEVAALIT_ELEMENTTI_1-1536x589.png 1536w, https:\/\/www.tuusulankokoomus.fi\/wp-content\/uploads\/2021\/12\/ALUEVAALIT_ELEMENTTI_1.png 1554w\" sizes=\"auto, (max-width: 300px) 100vw, 300px\" \/><\/p>\n<h2><\/h2>\n<h2><\/h2>\n<h2><\/h2>\n<h2><\/h2>\n<h2><\/h2>\n<h2><\/h2>\n","protected":false},"excerpt":{"rendered":"<p>Kokoomuksen valtuustoryhm\u00e4\u00a0 Puheenjohtaja Ilmari Sj\u00f6blom Sihteeri Eemi Vaherlehto Neuvottelijat Lauri Untamo Kokoomuksen valtuustoryhm\u00e4\u00e4n kuuluu kaikki 14 valtuutettua sek\u00e4 nelj\u00e4 ensimm\u00e4ist\u00e4 varavaltuutettua. Valtuustoryhm\u00e4n j\u00e4senet ovat valtuutetut Sanna Kervinen, Eemi Vaherlehto, Kalle Ikkel\u00e4, Karina Hakkarainen, Janne Mellin, Ilmari Sj\u00f6blom, Mika M\u00e4ki-Kuhna, Lauri&#8230; <\/p>\n<div class=\"more-link-container\"><a class=\"more-link\" href=\"https:\/\/www.tuusulankokoomus.fi\/?page_id=154\">Lue lis\u00e4\u00e4<\/a><\/div>\n","protected":false},"author":1,"featured_media":0,"parent":19,"menu_order":0,"comment_status":"closed","ping_status":"closed","template":"templates\/full-width-page.php","meta":{"om_disable_all_campaigns":false,"_monsterinsights_skip_tracking":false,"_monsterinsights_sitenote_active":false,"_monsterinsights_sitenote_note":"","_monsterinsights_sitenote_category":0,"_uf_show_specific_survey":0,"_uf_disable_surveys":false,"footnotes":""},"class_list":["post-154","page","type-page","status-publish","hentry"],"aioseo_notices":[],"_links":{"self":[{"href":"https:\/\/www.tuusulankokoomus.fi\/index.php?rest_route=\/wp\/v2\/pages\/154","targetHints":{"allow":["GET"]}}],"collection":[{"href":"https:\/\/www.tuusulankokoomus.fi\/index.php?rest_route=\/wp\/v2\/pages"}],"about":[{"href":"https:\/\/www.tuusulankokoomus.fi\/index.php?rest_route=\/wp\/v2\/types\/page"}],"author":[{"embeddable":true,"href":"https:\/\/www.tuusulankokoomus.fi\/index.php?rest_route=\/wp\/v2\/users\/1"}],"replies":[{"embeddable":true,"href":"https:\/\/www.tuusulankokoomus.fi\/index.php?rest_route=%2Fwp%2Fv2%2Fcomments&post=154"}],"version-history":[{"count":15,"href":"https:\/\/www.tuusulankokoomus.fi\/index.php?rest_route=\/wp\/v2\/pages\/154\/revisions"}],"predecessor-version":[{"id":2710,"href":"https:\/\/www.tuusulankokoomus.fi\/index.php?rest_route=\/wp\/v2\/pages\/154\/revisions\/2710"}],"up":[{"embeddable":true,"href":"https:\/\/www.tuusulankokoomus.fi\/index.php?rest_route=\/wp\/v2\/pages\/19"}],"wp:attachment":[{"href":"https:\/\/www.tuusulankokoomus.fi\/index.php?rest_route=%2Fwp%2Fv2%2Fmedia&parent=154"}],"curies":[{"name":"wp","href":"https:\/\/api.w.org\/{rel}","templated":true}]}}